{"id":686,"date":"2022-02-14T17:03:21","date_gmt":"2022-02-14T20:03:21","guid":{"rendered":"https:\/\/barral.siteup.dev\/?page_id=686"},"modified":"2022-05-06T11:22:50","modified_gmt":"2022-05-06T14:22:50","slug":"blog","status":"publish","type":"page","link":"https:\/\/barral.siteup.dev\/en\/blog\/","title":{"rendered":"Blog"},"content":{"rendered":"<div data-elementor-type=\"wp-post\" data-elementor-id=\"686\" class=\"elementor elementor-686\">\n\t\t\t\t\t\t<div class=\"elementor-inner\">\n\t\t\t\t<div class=\"elementor-section-wrap\">\n\t\t\t\t\t\t\t\t\t<section class=\"elementor-section elementor-top-section elementor-element elementor-element-e740563 elementor-section-boxed elementor-section-height-default elementor-section-height-default\" data-id=\"e740563\" data-element_type=\"section\" data-settings=\"{&quot;background_background&quot;:&quot;classic&quot;}\">\n\t\t\t\t\t\t<div class=\"elementor-container elementor-column-gap-default\">\n\t\t\t\t\t\t\t<div class=\"elementor-row\">\n\t\t\t\t\t<div class=\"elementor-column elementor-col-100 elementor-top-column elementor-element elementor-element-c8f8c05\" data-id=\"c8f8c05\" data-element_type=\"column\">\n\t\t\t<div class=\"elementor-column-wrap elementor-element-populated\">\n\t\t\t\t\t\t\t<div class=\"elementor-widget-wrap\">\n\t\t\t\t\t\t<div class=\"elementor-element elementor-element-c922794 elementor-widget elementor-widget-heading\" data-id=\"c922794\" data-element_type=\"widget\" data-widget_type=\"heading.default\">\n\t\t\t\t<div class=\"elementor-widget-container\">\n\t\t\t<h1 class=\"elementor-heading-title elementor-size-default\">News e Intelig\u00eancia Jur\u00eddica BPP Advogados<\/h1>\t\t<\/div>\n\t\t\t\t<\/div>\n\t\t\t\t<div class=\"elementor-element elementor-element-4e922d3 elementor-widget elementor-widget-heading\" data-id=\"4e922d3\" data-element_type=\"widget\" data-widget_type=\"heading.default\">\n\t\t\t\t<div class=\"elementor-widget-container\">\n\t\t\t<h2 class=\"elementor-heading-title elementor-size-default\">Peri\u00f3dicos tem\u00e1ticos, atualidades e an\u00e1lise cr\u00edtica do principais temas de com\u00e9rcio exterior, infraestrutura e neg\u00f3cios. Confira abaixo.<\/h2>\t\t<\/div>\n\t\t\t\t<\/div>\n\t\t\t\t<div class=\"elementor-element elementor-element-efd6b78 ee-posts-thumbnail-ratio ee-grid-columns-3 ee-grid-columns-tablet-2 ee-grid-columns-mobile-1 ee-grid-align--stretch ee-grid-halign--left ee-posts-align-top elementor-widget elementor-widget-posts-extra\" data-id=\"efd6b78\" data-element_type=\"widget\" data-settings=\"{&quot;columns&quot;:&quot;3&quot;,&quot;columns_tablet&quot;:&quot;2&quot;,&quot;columns_mobile&quot;:&quot;1&quot;,&quot;classic_layout&quot;:&quot;default&quot;,&quot;classic_grid_columns_spacing&quot;:{&quot;unit&quot;:&quot;px&quot;,&quot;size&quot;:24,&quot;sizes&quot;:[]},&quot;classic_grid_columns_spacing_tablet&quot;:{&quot;unit&quot;:&quot;px&quot;,&quot;size&quot;:12,&quot;sizes&quot;:[]},&quot;classic_grid_columns_spacing_mobile&quot;:{&quot;unit&quot;:&quot;px&quot;,&quot;size&quot;:0,&quot;sizes&quot;:[]}}\" data-widget_type=\"posts-extra.classic\">\n\t\t\t\t<div class=\"elementor-widget-container\">\n\t\t\t<div class=\"ee-grid ee-loop ee-grid--default\"><div class=\"ee-grid__item--sizer\"><\/div><div class=\"ee-grid__item ee-loop__item\"><article class=\"ee-post post-1373 post type-post status-publish format-standard has-post-thumbnail hentry category-uncategorized\"><a class=\"ee-media ee-post__media\" href=\"https:\/\/barral.siteup.dev\/en\/a-visao-do-planejador-setorial-e-a-do-protetor-da-concorrencia\/\"><div class=\"ee-post__media__thumbnail ee-media__thumbnail\"><img width=\"800\" height=\"471\" src=\"https:\/\/barral.siteup.dev\/wp-content\/uploads\/2022\/05\/a-visao-do-planejador-setorial-e-a-do-protetor-da-concorrencia-191003.jpg\" class=\"attachment-full size-full\" alt=\"a visao do planejador setorial e a do protetor da concorrencia\" loading=\"lazy\" \/><\/div><div class=\"ee-post__media__overlay ee-media__overlay\"><\/div><\/a><!-- .ee-post__media --><div class=\"ee-post__body ee-post__area\"><div class=\"ee-post__metas ee-post__metas--has-metas\"><ul class=\"ee-post__metas__list display--\"><li class=\"ee-post__meta ee-post__meta--date ee-post__metas__date\"> March de 2022 <span class=\"ee-post__meta__separator\">\u00b7<\/span><\/li><\/ul><\/div><a href=\"https:\/\/barral.siteup.dev\/en\/a-visao-do-planejador-setorial-e-a-do-protetor-da-concorrencia\/\" class=\"ee-post__title\">\n\t\t\t<h2 class=\"ee-post__title__heading\">A vis\u00e3o do planejador setorial e a do protetor da concorr\u00eancia<\/h2>\n\t\t<\/a><\/div><!-- .ee-post__body --><div class=\"ee-post__footer ee-post__area\"><div class=\"ee-post__read-more\">\n\t\t\t<a class=\"ee-post__button\" href=\"https:\/\/barral.siteup.dev\/en\/a-visao-do-planejador-setorial-e-a-do-protetor-da-concorrencia\/\">\n\t\t\t\tFind out more\t\t\t<\/a>\n\t\t<\/div><\/div><!-- .ee-post__footer --><\/article><!-- .ee-post --><\/div><!-- .ee-loop__item --><div class=\"ee-grid__item ee-loop__item\"><article class=\"ee-post post-1364 post type-post status-publish format-standard has-post-thumbnail hentry category-uncategorized\"><a class=\"ee-media ee-post__media\" href=\"https:\/\/barral.siteup.dev\/en\/as-mulheres-e-as-relacoes-institucionais-na-infraestrutura\/\"><div class=\"ee-post__media__thumbnail ee-media__thumbnail\"><img width=\"800\" height=\"534\" src=\"https:\/\/barral.siteup.dev\/wp-content\/uploads\/2022\/05\/as-mulheres-na-relacoes-institucionais-na-infraestrutura-191006.jpg\" class=\"attachment-full size-full\" alt=\"as mulheres na relacoes institucionais na infraestrutura\" loading=\"lazy\" \/><\/div><div class=\"ee-post__media__overlay ee-media__overlay\"><\/div><\/a><!-- .ee-post__media --><div class=\"ee-post__body ee-post__area\"><div class=\"ee-post__metas ee-post__metas--has-metas\"><ul class=\"ee-post__metas__list display--\"><li class=\"ee-post__meta ee-post__meta--date ee-post__metas__date\"> March de 2022 <span class=\"ee-post__meta__separator\">\u00b7<\/span><\/li><\/ul><\/div><a href=\"https:\/\/barral.siteup.dev\/en\/as-mulheres-e-as-relacoes-institucionais-na-infraestrutura\/\" class=\"ee-post__title\">\n\t\t\t<h2 class=\"ee-post__title__heading\">As mulheres e as rela\u00e7\u00f5es institucionais na infraestrutura<\/h2>\n\t\t<\/a><\/div><!-- .ee-post__body --><div class=\"ee-post__footer ee-post__area\"><div class=\"ee-post__read-more\">\n\t\t\t<a class=\"ee-post__button\" href=\"https:\/\/barral.siteup.dev\/en\/as-mulheres-e-as-relacoes-institucionais-na-infraestrutura\/\">\n\t\t\t\tFind out more\t\t\t<\/a>\n\t\t<\/div><\/div><!-- .ee-post__footer --><\/article><!-- .ee-post --><\/div><!-- .ee-loop__item --><div class=\"ee-grid__item ee-loop__item\"><article class=\"ee-post post-1378 post type-post status-publish format-standard has-post-thumbnail hentry category-uncategorized\"><a class=\"ee-media ee-post__media\" href=\"https:\/\/barral.siteup.dev\/en\/o-tcu-e-o-porto-de-santos\/\"><div class=\"ee-post__media__thumbnail ee-media__thumbnail\"><img width=\"800\" height=\"533\" src=\"https:\/\/barral.siteup.dev\/wp-content\/uploads\/2022\/05\/o-tcu-e-o-porto-de-santos-191015.jpg\" class=\"attachment-full size-full\" alt=\"o tcu e o porto de santos\" loading=\"lazy\" \/><\/div><div class=\"ee-post__media__overlay ee-media__overlay\"><\/div><\/a><!-- .ee-post__media --><div class=\"ee-post__body ee-post__area\"><div class=\"ee-post__metas ee-post__metas--has-metas\"><ul class=\"ee-post__metas__list display--\"><li class=\"ee-post__meta ee-post__meta--date ee-post__metas__date\"> February de 2022 <span class=\"ee-post__meta__separator\">\u00b7<\/span><\/li><\/ul><\/div><a href=\"https:\/\/barral.siteup.dev\/en\/o-tcu-e-o-porto-de-santos\/\" class=\"ee-post__title\">\n\t\t\t<h2 class=\"ee-post__title__heading\">O TCU e o Porto de Santos<\/h2>\n\t\t<\/a><\/div><!-- .ee-post__body --><div class=\"ee-post__footer ee-post__area\"><div class=\"ee-post__read-more\">\n\t\t\t<a class=\"ee-post__button\" href=\"https:\/\/barral.siteup.dev\/en\/o-tcu-e-o-porto-de-santos\/\">\n\t\t\t\tFind out more\t\t\t<\/a>\n\t\t<\/div><\/div><!-- .ee-post__footer --><\/article><!-- .ee-post --><\/div><!-- .ee-loop__item --><div class=\"ee-grid__item ee-loop__item\"><article class=\"ee-post post-1385 post type-post status-publish format-standard has-post-thumbnail hentry category-uncategorized\"><a class=\"ee-media ee-post__media\" href=\"https:\/\/barral.siteup.dev\/en\/previsibilidade-orcamentaria-em-obras-de-infraestrutura-a-pec-do-orcamento-impositivo-e-a-nova-lei-de-licitacoes\/\"><div class=\"ee-post__media__thumbnail ee-media__thumbnail\"><img width=\"800\" height=\"533\" src=\"https:\/\/barral.siteup.dev\/wp-content\/uploads\/2022\/05\/previsibilidade-em-obras-orcamentarias-191018.jpg\" class=\"attachment-full size-full\" alt=\"previsibilidade em obras orcamentarias\" loading=\"lazy\" \/><\/div><div class=\"ee-post__media__overlay ee-media__overlay\"><\/div><\/a><!-- .ee-post__media --><div class=\"ee-post__body ee-post__area\"><div class=\"ee-post__metas ee-post__metas--has-metas\"><ul class=\"ee-post__metas__list display--\"><li class=\"ee-post__meta ee-post__meta--date ee-post__metas__date\"> May de 2021 <span class=\"ee-post__meta__separator\">\u00b7<\/span><\/li><\/ul><\/div><a href=\"https:\/\/barral.siteup.dev\/en\/previsibilidade-orcamentaria-em-obras-de-infraestrutura-a-pec-do-orcamento-impositivo-e-a-nova-lei-de-licitacoes\/\" class=\"ee-post__title\">\n\t\t\t<h2 class=\"ee-post__title__heading\">Previsibilidade or\u00e7ament\u00e1ria em obras de infraestrutura: a PEC do or\u00e7amento impositivo e a nova lei de licita\u00e7\u00f5es<\/h2>\n\t\t<\/a><\/div><!-- .ee-post__body --><div class=\"ee-post__footer ee-post__area\"><div class=\"ee-post__read-more\">\n\t\t\t<a class=\"ee-post__button\" href=\"https:\/\/barral.siteup.dev\/en\/previsibilidade-orcamentaria-em-obras-de-infraestrutura-a-pec-do-orcamento-impositivo-e-a-nova-lei-de-licitacoes\/\">\n\t\t\t\tFind out more\t\t\t<\/a>\n\t\t<\/div><\/div><!-- .ee-post__footer --><\/article><!-- .ee-post --><\/div><!-- .ee-loop__item --><div class=\"ee-grid__item ee-loop__item\"><article class=\"ee-post post-1395 post type-post status-publish format-standard has-post-thumbnail hentry category-uncategorized\"><a class=\"ee-media ee-post__media\" href=\"https:\/\/barral.siteup.dev\/en\/nao-e-possivel-fazer-abertura-comercial-por-decreto-do-executivo\/\"><div class=\"ee-post__media__thumbnail ee-media__thumbnail\"><img width=\"800\" height=\"532\" src=\"https:\/\/barral.siteup.dev\/wp-content\/uploads\/2022\/05\/nao-e-possivel-fazer-abertura-comercial-por-decreto-191009.jpg\" class=\"attachment-full size-full\" alt=\"nao e possivel fazer abertura comercial por decreto\" loading=\"lazy\" \/><\/div><div class=\"ee-post__media__overlay ee-media__overlay\"><\/div><\/a><!-- .ee-post__media --><div class=\"ee-post__body ee-post__area\"><div class=\"ee-post__metas ee-post__metas--has-metas\"><ul class=\"ee-post__metas__list display--\"><li class=\"ee-post__meta ee-post__meta--date ee-post__metas__date\"> March de 2019 <span class=\"ee-post__meta__separator\">\u00b7<\/span><\/li><\/ul><\/div><a href=\"https:\/\/barral.siteup.dev\/en\/nao-e-possivel-fazer-abertura-comercial-por-decreto-do-executivo\/\" class=\"ee-post__title\">\n\t\t\t<h2 class=\"ee-post__title__heading\">N\u00e3o \u00e9 poss\u00edvel fazer abertura comercial por decreto do Executivo<\/h2>\n\t\t<\/a><\/div><!-- .ee-post__body --><div class=\"ee-post__footer ee-post__area\"><div class=\"ee-post__read-more\">\n\t\t\t<a class=\"ee-post__button\" href=\"https:\/\/barral.siteup.dev\/en\/nao-e-possivel-fazer-abertura-comercial-por-decreto-do-executivo\/\">\n\t\t\t\tFind out more\t\t\t<\/a>\n\t\t<\/div><\/div><!-- .ee-post__footer --><\/article><!-- .ee-post --><\/div><!-- .ee-loop__item --><div class=\"ee-grid__item ee-loop__item\"><article class=\"ee-post post-1391 post type-post status-publish format-standard has-post-thumbnail hentry category-uncategorized\"><a class=\"ee-media ee-post__media\" href=\"https:\/\/barral.siteup.dev\/en\/notas-a-minuta-de-contrato-de-arrendamento-do-tecon-2-suape\/\"><div class=\"ee-post__media__thumbnail ee-media__thumbnail\"><img width=\"800\" height=\"533\" src=\"https:\/\/barral.siteup.dev\/wp-content\/uploads\/2022\/05\/nota-a-minuta-de-contrato-de-arrendamento-do-tecon2-191013.jpg\" class=\"attachment-full size-full\" alt=\"nota a minuta de contrato de arrendamento do tecon\" loading=\"lazy\" \/><\/div><div class=\"ee-post__media__overlay ee-media__overlay\"><\/div><\/a><!-- .ee-post__media --><div class=\"ee-post__body ee-post__area\"><div class=\"ee-post__metas ee-post__metas--has-metas\"><ul class=\"ee-post__metas__list display--\"><li class=\"ee-post__meta ee-post__meta--date ee-post__metas__date\"> March de 2019 <span class=\"ee-post__meta__separator\">\u00b7<\/span><\/li><\/ul><\/div><a href=\"https:\/\/barral.siteup.dev\/en\/notas-a-minuta-de-contrato-de-arrendamento-do-tecon-2-suape\/\" class=\"ee-post__title\">\n\t\t\t<h2 class=\"ee-post__title__heading\">Notas \u00e0 minuta de contrato de arrendamento do TECON 2 \u2013 Suape<\/h2>\n\t\t<\/a><\/div><!-- .ee-post__body --><div class=\"ee-post__footer ee-post__area\"><div class=\"ee-post__read-more\">\n\t\t\t<a class=\"ee-post__button\" href=\"https:\/\/barral.siteup.dev\/en\/notas-a-minuta-de-contrato-de-arrendamento-do-tecon-2-suape\/\">\n\t\t\t\tFind out more\t\t\t<\/a>\n\t\t<\/div><\/div><!-- .ee-post__footer --><\/article><!-- .ee-post --><\/div><!-- .ee-loop__item --><\/div><!-- .ee-loop -->\t\t<\/div>\n\t\t\t\t<\/div>\n\t\t\t\t\t\t<\/div>\n\t\t\t\t\t<\/div>\n\t\t<\/div>\n\t\t\t\t\t\t\t\t<\/div>\n\t\t\t\t\t<\/div>\n\t\t<\/section>\n\t\t\t\t\t\t\t\t\t<\/div>\n\t\t\t<\/div>\n\t\t\t\t\t<\/div>","protected":false},"excerpt":{"rendered":"<p>News e Intelig\u00eancia Jur\u00eddica BPP Advogados Peri\u00f3dicos tem\u00e1ticos, atualidades e an\u00e1lise cr\u00edtica do principais temas de com\u00e9rcio exterior, infraestrutura e neg\u00f3cios. Confira abaixo. mar\u00e7o de 2022 \u00b7 A vis\u00e3o do planejador setorial e a do protetor da concorr\u00eancia Saiba mais mar\u00e7o de 2022 \u00b7 As mulheres e as rela\u00e7\u00f5es institucionais na infraestrutura Saiba mais fevereiro [&hellip;]<\/p>","protected":false},"author":14,"featured_media":0,"parent":0,"menu_order":0,"comment_status":"closed","ping_status":"closed","template":"","meta":[],"yoast_head":"<!-- This site is optimized with the Yoast SEO plugin v19.4 - https:\/\/yoast.com\/wordpress\/plugins\/seo\/ -->\n<title>News e Intelig\u00eancia Jur\u00eddica | BPP Advogados<\/title>\n<meta name=\"description\" content=\"An\u00e1lises e Intelig\u00eancia Jur\u00eddica em Infraestrutura, Com\u00e9rcio, Direito Empresarial e Rela\u00e7\u00f5es Governamentais.\" \/>\n<meta name=\"robots\" content=\"noindex, follow, max-snippet:-1, max-image-preview:large, max-video-preview:-1\" \/>\n<meta property=\"og:locale\" content=\"en_US\" \/>\n<meta property=\"og:type\" content=\"article\" \/>\n<meta property=\"og:title\" content=\"News e Intelig\u00eancia Jur\u00eddica | BPP Advogados\" \/>\n<meta property=\"og:description\" content=\"An\u00e1lises e Intelig\u00eancia Jur\u00eddica em Infraestrutura, Com\u00e9rcio, Direito Empresarial e Rela\u00e7\u00f5es Governamentais.\" \/>\n<meta property=\"og:url\" content=\"https:\/\/barral.siteup.dev\/en\/blog\/\" \/>\n<meta property=\"og:site_name\" content=\"Barral Parente Pinheiro Advogados\" \/>\n<meta property=\"article:modified_time\" content=\"2022-05-06T14:22:50+00:00\" \/>\n<meta property=\"og:image\" content=\"https:\/\/barral.siteup.dev\/wp-content\/uploads\/2022\/05\/a-visao-do-planejador-setorial-e-a-do-protetor-da-concorrencia-191003.jpg\" \/>\n<meta name=\"twitter:card\" content=\"summary\" \/>\n<meta name=\"twitter:label1\" content=\"Est. reading time\" \/>\n\t<meta name=\"twitter:data1\" content=\"9 minutes\" \/>\n<script type=\"application\/ld+json\" class=\"yoast-schema-graph\">{\"@context\":\"https:\/\/schema.org\",\"@graph\":[{\"@type\":\"WebSite\",\"@id\":\"https:\/\/barral.siteup.dev\/#website\",\"url\":\"https:\/\/barral.siteup.dev\/\",\"name\":\"Barral Parente Pinheiro Advogados\",\"description\":\"\",\"potentialAction\":[{\"@type\":\"SearchAction\",\"target\":{\"@type\":\"EntryPoint\",\"urlTemplate\":\"https:\/\/barral.siteup.dev\/?s={search_term_string}\"},\"query-input\":\"required name=search_term_string\"}],\"inLanguage\":\"en-US\"},{\"@type\":\"WebPage\",\"@id\":\"https:\/\/barral.siteup.dev\/blog\/\",\"url\":\"https:\/\/barral.siteup.dev\/blog\/\",\"name\":\"News e Intelig\u00eancia Jur\u00eddica | BPP Advogados\",\"isPartOf\":{\"@id\":\"https:\/\/barral.siteup.dev\/#website\"},\"datePublished\":\"2022-02-14T20:03:21+00:00\",\"dateModified\":\"2022-05-06T14:22:50+00:00\",\"description\":\"An\u00e1lises e Intelig\u00eancia Jur\u00eddica em Infraestrutura, Com\u00e9rcio, Direito Empresarial e Rela\u00e7\u00f5es Governamentais.\",\"breadcrumb\":{\"@id\":\"https:\/\/barral.siteup.dev\/blog\/#breadcrumb\"},\"inLanguage\":\"en-US\",\"potentialAction\":[{\"@type\":\"ReadAction\",\"target\":[\"https:\/\/barral.siteup.dev\/blog\/\"]}]},{\"@type\":\"BreadcrumbList\",\"@id\":\"https:\/\/barral.siteup.dev\/blog\/#breadcrumb\",\"itemListElement\":[{\"@type\":\"ListItem\",\"position\":1,\"name\":\"In\u00edcio\",\"item\":\"https:\/\/barral.siteup.dev\/\"},{\"@type\":\"ListItem\",\"position\":2,\"name\":\"Blog\"}]}]}<\/script>\n<!-- \/ Yoast SEO plugin. -->","yoast_head_json":{"title":"News e Intelig\u00eancia Jur\u00eddica | BPP Advogados","description":"An\u00e1lises e Intelig\u00eancia Jur\u00eddica em Infraestrutura, Com\u00e9rcio, Direito Empresarial e Rela\u00e7\u00f5es Governamentais.","robots":{"index":"noindex","follow":"follow","max-snippet":"max-snippet:-1","max-image-preview":"max-image-preview:large","max-video-preview":"max-video-preview:-1"},"og_locale":"en_US","og_type":"article","og_title":"News e Intelig\u00eancia Jur\u00eddica | BPP Advogados","og_description":"An\u00e1lises e Intelig\u00eancia Jur\u00eddica em Infraestrutura, Com\u00e9rcio, Direito Empresarial e Rela\u00e7\u00f5es Governamentais.","og_url":"https:\/\/barral.siteup.dev\/en\/blog\/","og_site_name":"Barral Parente Pinheiro Advogados","article_modified_time":"2022-05-06T14:22:50+00:00","og_image":[{"url":"https:\/\/barral.siteup.dev\/wp-content\/uploads\/2022\/05\/a-visao-do-planejador-setorial-e-a-do-protetor-da-concorrencia-191003.jpg"}],"twitter_card":"summary","twitter_misc":{"Est. reading time":"9 minutes"},"schema":{"@context":"https:\/\/schema.org","@graph":[{"@type":"WebSite","@id":"https:\/\/barral.siteup.dev\/#website","url":"https:\/\/barral.siteup.dev\/","name":"Barral Parente Pinheiro Advogados","description":"","potentialAction":[{"@type":"SearchAction","target":{"@type":"EntryPoint","urlTemplate":"https:\/\/barral.siteup.dev\/?s={search_term_string}"},"query-input":"required name=search_term_string"}],"inLanguage":"en-US"},{"@type":"WebPage","@id":"https:\/\/barral.siteup.dev\/blog\/","url":"https:\/\/barral.siteup.dev\/blog\/","name":"News e Intelig\u00eancia Jur\u00eddica | BPP Advogados","isPartOf":{"@id":"https:\/\/barral.siteup.dev\/#website"},"datePublished":"2022-02-14T20:03:21+00:00","dateModified":"2022-05-06T14:22:50+00:00","description":"An\u00e1lises e Intelig\u00eancia Jur\u00eddica em Infraestrutura, Com\u00e9rcio, Direito Empresarial e Rela\u00e7\u00f5es Governamentais.","breadcrumb":{"@id":"https:\/\/barral.siteup.dev\/blog\/#breadcrumb"},"inLanguage":"en-US","potentialAction":[{"@type":"ReadAction","target":["https:\/\/barral.siteup.dev\/blog\/"]}]},{"@type":"BreadcrumbList","@id":"https:\/\/barral.siteup.dev\/blog\/#breadcrumb","itemListElement":[{"@type":"ListItem","position":1,"name":"In\u00edcio","item":"https:\/\/barral.siteup.dev\/"},{"@type":"ListItem","position":2,"name":"Blog"}]}]}},"_links":{"self":[{"href":"https:\/\/barral.siteup.dev\/en\/wp-json\/wp\/v2\/pages\/686"}],"collection":[{"href":"https:\/\/barral.siteup.dev\/en\/wp-json\/wp\/v2\/pages"}],"about":[{"href":"https:\/\/barral.siteup.dev\/en\/wp-json\/wp\/v2\/types\/page"}],"author":[{"embeddable":true,"href":"https:\/\/barral.siteup.dev\/en\/wp-json\/wp\/v2\/users\/14"}],"replies":[{"embeddable":true,"href":"https:\/\/barral.siteup.dev\/en\/wp-json\/wp\/v2\/comments?post=686"}],"version-history":[{"count":3,"href":"https:\/\/barral.siteup.dev\/en\/wp-json\/wp\/v2\/pages\/686\/revisions"}],"predecessor-version":[{"id":1446,"href":"https:\/\/barral.siteup.dev\/en\/wp-json\/wp\/v2\/pages\/686\/revisions\/1446"}],"wp:attachment":[{"href":"https:\/\/barral.siteup.dev\/en\/wp-json\/wp\/v2\/media?parent=686"}],"curies":[{"name":"wp","href":"https:\/\/api.w.org\/{rel}","templated":true}]}}